{"id":2470,"date":"2024-08-31T20:59:07","date_gmt":"2024-08-31T18:59:07","guid":{"rendered":"https:\/\/tetrag.ch\/protection-des-donnees\/"},"modified":"2025-02-18T14:45:40","modified_gmt":"2025-02-18T13:45:40","slug":"protection-des-donnees","status":"publish","type":"page","link":"https:\/\/tetrag.ch\/fr\/protection-des-donnees\/","title":{"rendered":"Protection des donn\u00e9es"},"content":{"rendered":"\t\t<div data-elementor-type=\"wp-page\" data-elementor-id=\"2470\" class=\"elementor elementor-2470 elementor-28\" data-elementor-post-type=\"page\">\n\t\t\t\t<div class=\"elementor-element elementor-element-c98fa33 e-flex e-con-boxed e-con e-parent\" data-id=\"c98fa33\" data-element_type=\"container\" data-e-type=\"container\" data-settings=\"{&quot;jet_parallax_layout_list&quot;:[]}\">\n\t\t\t\t\t<div class=\"e-con-inner\">\n\t\t\t\t<div class=\"elementor-element elementor-element-6206954 elementor-widget elementor-widget-heading\" data-id=\"6206954\" data-element_type=\"widget\" data-e-type=\"widget\" data-widget_type=\"heading.default\">\n\t\t\t\t<div class=\"elementor-widget-container\">\n\t\t\t\t\t<h1 class=\"elementor-heading-title elementor-size-default\">D\u00e9claration de confidentialit\u00e9 de Tetrag AG<\/h1>\t\t\t\t<\/div>\n\t\t\t\t<\/div>\n\t\t\t\t<div class=\"elementor-element elementor-element-975ce7b elementor-widget elementor-widget-text-editor\" data-id=\"975ce7b\" data-element_type=\"widget\" data-e-type=\"widget\" data-widget_type=\"text-editor.default\">\n\t\t\t\t<div class=\"elementor-widget-container\">\n\t\t\t\t\t\t\t\t\t<p>Votre vie priv\u00e9e est importante pour nous. Cette politique de confidentialit\u00e9 vous explique quelles donn\u00e9es nous collectons et comment nous utilisons, divulguons, transf\u00e9rons et stockons vos donn\u00e9es.<\/p><p>Tetrag AG<br \/>Blegistrasse 1<br \/>CH-6343 Rotkreuz<br \/>Suisse<br \/>E-mail : <span style=\"display:inline;unicode-bidi:bidi-override;direction:rtl;\" class=\"\">hc.gartet<span style=\"display:none;\">obfsctd-48a7fe<\/span>&#64;ofni<\/span><\/p><p>Personnes habilit\u00e9es \u00e0 repr\u00e9senter l&#8217;entreprise :<br \/>Stephan Tomek<\/p><p>Nom de l&#8217;entreprise : Tetrag AG<\/p><p><strong>1.1 G\u00e9n\u00e9ralit\u00e9s <\/strong><br \/>En vertu de l&#8217;article 13 de la Constitution f\u00e9d\u00e9rale suisse et des dispositions f\u00e9d\u00e9rales relatives \u00e0 la protection des donn\u00e9es (loi sur la protection des donn\u00e9es, LPD), toute personne a droit \u00e0 la protection de sa sph\u00e8re priv\u00e9e ainsi qu&#8217;\u00e0 la protection contre l&#8217;utilisation abusive de ses donn\u00e9es personnelles. Les exploitants de leurs sites web prennent la protection de vos donn\u00e9es personnelles tr\u00e8s au s\u00e9rieux. Nous traitons vos donn\u00e9es personnelles de mani\u00e8re confidentielle et conform\u00e9ment aux dispositions l\u00e9gales en mati\u00e8re de protection des donn\u00e9es et \u00e0 la pr\u00e9sente d\u00e9claration de protection des donn\u00e9es.<\/p><p>En collaboration avec nos h\u00e9bergeurs, nous nous effor\u00e7ons de prot\u00e9ger autant que possible les bases de donn\u00e9es contre tout acc\u00e8s non autoris\u00e9, toute perte, tout abus ou toute falsification.<\/p><p>Nous attirons votre attention sur le fait que la transmission de donn\u00e9es sur Internet (par ex. lors de la communication par e-mail) peut pr\u00e9senter des failles de s\u00e9curit\u00e9. Une protection compl\u00e8te des donn\u00e9es contre l&#8217;acc\u00e8s par des tiers n&#8217;est pas possible.<br \/>En utilisant le site web de Tetrag AG, vous acceptez la collecte, le traitement et l&#8217;utilisation des donn\u00e9es conform\u00e9ment \u00e0 la description ci-dessous. Ce site web peut en principe \u00eatre visit\u00e9 sans enregistrement. Les donn\u00e9es telles que les pages consult\u00e9es ou les noms des fichiers appel\u00e9s, la date et l&#8217;heure sont enregistr\u00e9es sur le serveur \u00e0 des fins statistiques, sans que ces donn\u00e9es soient directement li\u00e9es \u00e0 votre personne. Dans la mesure o\u00f9 des donn\u00e9es personnelles (par exemple nom, adresse ou adresse e-mail) sont collect\u00e9es sur nos pages, elles le sont toujours, dans la mesure du possible, sur une base volontaire. Ces donn\u00e9es ne sont pas transmises \u00e0 des tiers sans votre accord explicite.<\/p><p><strong>1.2 Traitement des donn\u00e9es \u00e0 caract\u00e8re personnel <\/strong><br \/>Les donn\u00e9es personnelles sont toutes les informations qui se rapportent \u00e0 une personne identifi\u00e9e ou identifiable. Une personne concern\u00e9e est une personne au sujet de laquelle des donn\u00e9es \u00e0 caract\u00e8re personnel sont trait\u00e9es. Le traitement comprend toute manipulation de donn\u00e9es \u00e0 caract\u00e8re personnel, quels que soient les moyens et proc\u00e9dures utilis\u00e9s, notamment l&#8217;enregistrement, la communication, l&#8217;obtention, l&#8217;effacement, la conservation, la modification, la destruction et l&#8217;utilisation de donn\u00e9es \u00e0 caract\u00e8re personnel.<br \/>Nous traitons les donn\u00e9es \u00e0 caract\u00e8re personnel conform\u00e9ment \u00e0 la l\u00e9gislation suisse sur la protection des donn\u00e9es. Si et dans la mesure o\u00f9 le RGPD de l&#8217;UE est applicable, nous traitons en outre les donn\u00e9es \u00e0 caract\u00e8re personnel sur les bases juridiques suivantes en relation avec l&#8217;article 6 (1) du RGPD :<br \/>let. a) Traitement des donn\u00e9es \u00e0 caract\u00e8re personnel avec le consentement de la personne concern\u00e9e.<br \/>let. b) Traitement des donn\u00e9es \u00e0 caract\u00e8re personnel pour l&#8217;ex\u00e9cution d&#8217;un contrat avec la personne concern\u00e9e ainsi que pour l&#8217;ex\u00e9cution de mesures pr\u00e9contractuelles correspondantes.<br \/>let. c) Traitement des donn\u00e9es \u00e0 caract\u00e8re personnel pour satisfaire \u00e0 une obligation l\u00e9gale \u00e0 laquelle nous sommes soumis en vertu du droit en vigueur dans l&#8217;UE ou du droit en vigueur dans un pays o\u00f9 le GDPR est applicable en tout ou en partie.<br \/>let. d) Traitement des donn\u00e9es \u00e0 caract\u00e8re personnel pour sauvegarder les int\u00e9r\u00eats vitaux de la personne concern\u00e9e ou d&#8217;une autre personne physique.<br \/>let. f) Traitement des donn\u00e9es \u00e0 caract\u00e8re personnel pour sauvegarder nos int\u00e9r\u00eats l\u00e9gitimes ou ceux de tiers, \u00e0 moins que les libert\u00e9s fondamentales et les droits et int\u00e9r\u00eats de la personne concern\u00e9e ne pr\u00e9valent. Les int\u00e9r\u00eats l\u00e9gitimes comprennent notamment notre int\u00e9r\u00eat commercial \u00e0 pouvoir fournir notre produit ainsi que notre site web, la s\u00e9curit\u00e9 de l&#8217;information, l&#8217;application de nos propres droits juridiques et le respect du droit suisse.<br \/>Nous traitons les donn\u00e9es \u00e0 caract\u00e8re personnel pendant la dur\u00e9e n\u00e9cessaire \u00e0 la ou aux finalit\u00e9s concern\u00e9es. En cas d&#8217;obligation de conservation \u00e0 long terme en raison d&#8217;obligations l\u00e9gales ou autres auxquelles nous sommes soumis, nous limitons le traitement en cons\u00e9quence.<\/p><p><b>1.3. Cookies <\/b><br \/>Le site web de Tetrag AG utilise des cookies. Il s&#8217;agit de petits fichiers texte qui permettent de stocker des informations sp\u00e9cifiques \u00e0 l&#8217;utilisateur sur le terminal de l&#8217;utilisateur pendant que celui-ci utilise l&#8217;application ou le site web. Les cookies permettent notamment de d\u00e9terminer la fr\u00e9quence d&#8217;utilisation et le nombre d&#8217;utilisateurs des pages, d&#8217;analyser les mod\u00e8les de comportement de l&#8217;utilisation des pages, mais aussi de concevoir notre offre de mani\u00e8re plus conviviale. Les cookies restent stock\u00e9s au-del\u00e0 de la fin d&#8217;une session de navigation et peuvent \u00eatre r\u00e9cup\u00e9r\u00e9s lors d&#8217;une nouvelle visite du site. Si vous ne le souhaitez pas, vous devez configurer votre navigateur Internet pour qu&#8217;il refuse les cookies. Veuillez noter que dans ce cas, vous ne pourrez pas utiliser toutes les fonctions des pages web.<\/p><p><b>1.4. Avec cryptage SSL\/TLS <\/b><br \/>Pour des raisons de s\u00e9curit\u00e9 et pour prot\u00e9ger la transmission de contenus confidentiels, tels que les demandes que vous nous envoyez en tant qu&#8217;exploitant du site, ce site utilise un cryptage SSL\/TLS. Vous pouvez reconna\u00eetre une connexion crypt\u00e9e au fait que la ligne d&#8217;adresse du navigateur passe de &#8220;&#8221;http:\/\/&#8221;&#8221; \u00e0 &#8220;&#8221;https:\/\/&#8221;&#8221; et au symbole du cadenas dans la ligne de votre navigateur.<br \/>Lorsque le cryptage SSL ou TLS est activ\u00e9, les donn\u00e9es que vous nous transmettez au sein de l&#8217;application OIM (e3m, c3m et a3m) ou depuis notre site Web ne peuvent pas \u00eatre lues par des tiers.<\/p><p><b>1.5 Fichiers journaux du serveur <br \/><\/b>Le fournisseur de ce site web recueille et enregistre automatiquement des informations dans des fichiers journaux de serveur que votre navigateur nous transmet automatiquement. Il s&#8217;agit de<\/p><ul><li>Type et version du navigateur<\/li><li>Syst\u00e8me d&#8217;exploitation utilis\u00e9<\/li><li>URL de r\u00e9f\u00e9rence<\/li><li>Nom d&#8217;h\u00f4te de l&#8217;ordinateur <u>qui acc\u00e8de au site <\/u><\/li><li>Heure de la demande du serveur<\/li><\/ul><p>Ces donn\u00e9es ne peuvent pas \u00eatre attribu\u00e9es \u00e0 des personnes sp\u00e9cifiques. Nous n&#8217;effectuons pas de recoupement de ces donn\u00e9es avec d&#8217;autres sources de donn\u00e9es. Nous nous r\u00e9servons le droit de v\u00e9rifier ces donn\u00e9es ult\u00e9rieurement si nous avons connaissance d&#8217;indices concrets d&#8217;une utilisation ill\u00e9gale.<br \/>Si vous souhaitez exercer ce droit de rectification, vous pouvez \u00e0 tout moment contacter notre responsable de la protection des donn\u00e9es.<\/p><p><b>1.6. Services de tiers <\/b><br \/>Ce site web peut utiliser Google Maps pour l&#8217;int\u00e9gration de cartes, Google Invisible reCAPTCHA pour la protection contre les robots et les spams et YouTube pour l&#8217;int\u00e9gration de vid\u00e9os.<br \/>Ces services de la soci\u00e9t\u00e9 am\u00e9ricaine Google LLC utilisent entre autres des cookies, ce qui entra\u00eene la transmission de donn\u00e9es \u00e0 Google aux \u00c9tats-Unis, mais nous partons du principe qu&#8217;aucun suivi personnel n&#8217;est effectu\u00e9 dans ce contexte du seul fait de l&#8217;utilisation de notre site web.<br \/>Google s&#8217;est engag\u00e9 \u00e0 garantir une protection ad\u00e9quate des donn\u00e9es conform\u00e9ment au Privacy Shield am\u00e9ricano-europ\u00e9en et am\u00e9ricano-suisse.<br \/>Pour plus d&#8217;informations, veuillez consulter les r\u00e8gles de confidentialit\u00e9 de Google.<br \/><br \/><strong>SalesViewer\u00ae<\/strong> : sur ce site web, la technologie SalesViewer\u00ae de SalesViewer\u00ae GmbH permet de collecter\u00a0et d\u2019enregistrer des donn\u00e9es \u00e0 des fins de marketing, d\u2019\u00e9tude de march\u00e9 et d\u2019optimisation sur la base des int\u00e9r\u00eats l\u00e9gitimes de l\u2019exploitant du site web (art. 6, al. 1, let. f du RGPD).<\/p><p>Pour ce faire, un code bas\u00e9 sur javascript est utilis\u00e9 pour collecter des donn\u00e9es relatives \u00e0 l\u2019entreprise et \u00e0 l\u2019utilisation correspondante. Les donn\u00e9es collect\u00e9es \u00e0 l\u2019aide de cette technologie sont crypt\u00e9es \u00e0 l\u2019aide d\u2019une fonction \u00e0 sens unique non recalculable (appel\u00e9e \u00ab hashing \u00bb). Les donn\u00e9es sont imm\u00e9diatement pseudonymis\u00e9es et ne sont pas utilis\u00e9es pour identifier personnellement le visiteur de ce site web.<\/p><p>Les donn\u00e9es enregistr\u00e9es dans le cadre de SalesViewer\u00ae sont supprim\u00e9es d\u00e8s qu\u2019elles ne sont plus n\u00e9cessaires \u00e0 leur finalit\u00e9 et qu\u2019aucune obligation l\u00e9gale de conservation ne s\u2019oppose \u00e0 leur suppression.<\/p><p>Vous pouvez \u00e0 tout moment vous opposer \u00e0 la collecte et \u00e0 l\u2019enregistrement des donn\u00e9es avec effet imm\u00e9diat en cliquant sur ce lien <a href=\"https:\/\/www.salesviewer.com\/opt-out\" rel=\"noopener\">https:\/\/www.salesviewer.com\/opt-out<\/a> pour emp\u00eacher \u00e0\u00a0l\u2019avenir la saisie par SalesViewer\u00ae sur ce site web. Un cookie d\u2019opt-out pour ce site web est alors d\u00e9pos\u00e9 sur votre appareil. Si vous supprimez vos cookies dans ce navigateur, vous devez cliquer \u00e0 nouveau sur ce lien.<\/p><p><b>1.7. Formulaire de contact <\/b><br \/>Si vous nous envoyez des demandes par le biais du formulaire de contact, les informations que vous avez fournies dans le formulaire de demande, y compris les donn\u00e9es de contact que vous y avez indiqu\u00e9es, seront stock\u00e9es chez nous \u00e0 des fins de traitement de la demande et en cas de questions de suivi. Nous ne transmettons pas ces donn\u00e9es sans votre consentement.<\/p><p><b>1.8 Droit d&#8217;acc\u00e8s <\/b><br \/>Toute personne concern\u00e9e par le traitement de donn\u00e9es \u00e0 caract\u00e8re personnel a le droit d&#8217;obtenir \u00e0 tout moment et gratuitement de l&#8217;exploitant de ce site web des informations sur les donn\u00e9es enregistr\u00e9es \u00e0 son sujet ainsi qu&#8217;une copie de ces informations. En outre, les informations suivantes peuvent \u00eatre fournies, le cas \u00e9ch\u00e9ant : Les finalit\u00e9s du traitement, les cat\u00e9gories de donn\u00e9es \u00e0 caract\u00e8re personnel trait\u00e9es, les destinataires auxquels les donn\u00e9es \u00e0 caract\u00e8re personnel ont \u00e9t\u00e9 ou seront transmises, si possible, la dur\u00e9e pr\u00e9vue de conservation des donn\u00e9es \u00e0 caract\u00e8re personnel ou, si cela n&#8217;est pas possible, les crit\u00e8res de d\u00e9termination de cette dur\u00e9e, l&#8217;existence d&#8217;un droit de rectification ou d&#8217;effacement des donn\u00e9es \u00e0 caract\u00e8re personnel la concernant ou d&#8217;un droit \u00e0 la limitation du traitement par le responsable du traitement ou d&#8217;un droit d&#8217;opposition \u00e0 un tel traitement, l&#8217;existence d&#8217;un droit de recours aupr\u00e8s d&#8217;une autorit\u00e9 de contr\u00f4le lorsque les donn\u00e9es \u00e0 caract\u00e8re personnel ne sont pas collect\u00e9es aupr\u00e8s de la personne concern\u00e9e : Toutes les informations disponibles sur l&#8217;origine des donn\u00e9es.<\/p><p><b>1.9. Droit de rectification <\/b><br \/>Toute personne concern\u00e9e par le traitement de donn\u00e9es \u00e0 caract\u00e8re personnel a le droit d&#8217;obtenir sans d\u00e9lai la rectification des donn\u00e9es \u00e0 caract\u00e8re personnel la concernant qui sont inexactes. En outre, la personne concern\u00e9e a le droit, compte tenu des finalit\u00e9s du traitement, d&#8217;obtenir que les donn\u00e9es \u00e0 caract\u00e8re personnel incompl\u00e8tes soient compl\u00e9t\u00e9es, y compris au moyen d&#8217;une d\u00e9claration compl\u00e9mentaire.<br \/>Si vous souhaitez exercer ce droit de rectification, vous pouvez contacter notre d\u00e9l\u00e9gu\u00e9 \u00e0 la protection des donn\u00e9es \u00e0 tout moment.<\/p><p><b>1.10. Droit \u00e0 l&#8217;effacement <\/b><br \/>Toute personne concern\u00e9e par le traitement de donn\u00e9es \u00e0 caract\u00e8re personnel a le droit d&#8217;obtenir du responsable du traitement de ce site web l&#8217;effacement imm\u00e9diat des donn\u00e9es \u00e0 caract\u00e8re personnel la concernant, pour l&#8217;une des raisons suivantes et si le traitement n&#8217;est plus n\u00e9cessaire :<\/p><ul><li>les donn\u00e9es \u00e0 caract\u00e8re personnel ont \u00e9t\u00e9 collect\u00e9es ou trait\u00e9es d&#8217;une autre mani\u00e8re \u00e0 des fins pour lesquelles elles ne sont plus n\u00e9cessaires<\/li><li>la personne concern\u00e9e retire le consentement sur lequel \u00e9tait fond\u00e9 le traitement et il n&#8217;existe pas d&#8217;autre base juridique pour le traitement.<\/li><li>la personne concern\u00e9e s&#8217;oppose au traitement pour des raisons tenant \u00e0 sa situation particuli\u00e8re et il n&#8217;existe pas de motif l\u00e9gitime pr\u00e9pond\u00e9rant pour le traitement, ou la personne concern\u00e9e s&#8217;oppose au traitement en cas de publicit\u00e9 directe et de profilage y aff\u00e9rent<\/li><li>Les donn\u00e9es \u00e0 caract\u00e8re personnel ont \u00e9t\u00e9 trait\u00e9es ill\u00e9galement.<\/li><li>L&#8217;effacement des donn\u00e9es \u00e0 caract\u00e8re personnel est n\u00e9cessaire au respect d&#8217;une obligation l\u00e9gale en vertu du droit de l&#8217;Union ou du droit des \u00c9tats membres auquel le responsable du traitement est soumis.<\/li><li>Les donn\u00e9es \u00e0 caract\u00e8re personnel ont \u00e9t\u00e9 collect\u00e9es en rapport avec des services de la soci\u00e9t\u00e9 de l&#8217;information propos\u00e9s et adress\u00e9s directement \u00e0 un enfant.<\/li><\/ul><p>Si l&#8217;une des raisons susmentionn\u00e9es s&#8217;applique et que vous souhaitez demander la suppression de donn\u00e9es personnelles stock\u00e9es par l&#8217;exploitant de ce site Web, vous pouvez \u00e0 tout moment contacter notre responsable de la protection des donn\u00e9es. Le responsable de la protection des donn\u00e9es de ce site web veillera \u00e0 ce que la demande d&#8217;effacement soit imm\u00e9diatement satisfaite.<\/p><p><b>1.11. Droit \u00e0 la limitation du traitement <\/b><br \/>Toute personne concern\u00e9e par le traitement de donn\u00e9es \u00e0 caract\u00e8re personnel a le droit d&#8217;obtenir du responsable du traitement de ce site web la limitation du traitement si l&#8217;une des conditions suivantes est remplie : l&#8217;exactitude des donn\u00e9es \u00e0 caract\u00e8re personnel est contest\u00e9e par la personne concern\u00e9e, et ce pendant une dur\u00e9e permettant au responsable du traitement de v\u00e9rifier l&#8217;exactitude des donn\u00e9es \u00e0 caract\u00e8re personnel.<\/p><p>Le traitement est illicite, la personne concern\u00e9e s&#8217;oppose \u00e0 l&#8217;effacement des donn\u00e9es \u00e0 caract\u00e8re personnel et demande \u00e0 la place la limitation de l&#8217;utilisation des donn\u00e9es \u00e0 caract\u00e8re personnel.<\/p><p>Le responsable du traitement n&#8217;a plus besoin des donn\u00e9es \u00e0 caract\u00e8re personnel aux fins du traitement, mais la personne concern\u00e9e en a besoin pour les faire valoir. La personne concern\u00e9e s&#8217;est oppos\u00e9e au traitement pour des raisons tenant \u00e0 sa situation particuli\u00e8re et il n&#8217;est pas encore \u00e9tabli que les int\u00e9r\u00eats l\u00e9gitimes du responsable du traitement pr\u00e9valent sur ceux de la personne concern\u00e9e.<\/p><p>Si l&#8217;une des conditions susmentionn\u00e9es est remplie, vous pouvez \u00e0 tout moment contacter notre responsable de la protection des donn\u00e9es afin de demander la limitation du traitement des donn\u00e9es \u00e0 caract\u00e8re personnel par l&#8217;exploitant de ce site web. Le responsable de la protection des donn\u00e9es de ce site web fera en sorte de limiter le traitement.<\/p><p><b>1.12. Droit de r\u00e9voquer un consentement en mati\u00e8re de protection des donn\u00e9es <\/b><br \/>Toute personne concern\u00e9e par le traitement de donn\u00e9es \u00e0 caract\u00e8re personnel a le droit de retirer \u00e0 tout moment le consentement qu&#8217;elle a donn\u00e9 au traitement de donn\u00e9es \u00e0 caract\u00e8re personnel.<br \/>Si vous souhaitez exercer votre droit de retrait du consentement, vous pouvez contacter \u00e0 tout moment notre responsable de la protection des donn\u00e9es.<\/p><p><b>1.13. Droits d&#8217;auteur <\/b><br \/>Les droits d&#8217;auteur et tous les autres droits li\u00e9s aux contenus, images, photos ou autres fichiers pr\u00e9sents sur le site web appartiennent exclusivement \u00e0 l&#8217;exploitant de ce site web ou aux d\u00e9tenteurs de droits nomm\u00e9ment cit\u00e9s. Pour la reproduction de tous les fichiers, il convient d&#8217;obtenir au pr\u00e9alable l&#8217;autorisation \u00e9crite des d\u00e9tenteurs des droits d&#8217;auteur.<br \/>Toute personne commettant une infraction aux droits d&#8217;auteur sans l&#8217;autorisation des d\u00e9tenteurs des droits d&#8217;auteur concern\u00e9s peut \u00eatre punie et, dans certaines circonstances, faire l&#8217;objet d&#8217;une demande de dommages et int\u00e9r\u00eats.<\/p><p><b>1.14. Clause de non-responsabilit\u00e9 <\/b><br \/>Toutes les informations figurant sur notre site Internet ont \u00e9t\u00e9 soigneusement v\u00e9rifi\u00e9es. Nous nous effor\u00e7ons de veiller \u00e0 ce que les informations que nous fournissons soient actuelles, correctes et compl\u00e8tes. Toutefois, l&#8217;apparition d&#8217;erreurs ne peut pas \u00eatre totalement exclue, de sorte que nous ne pouvons pas garantir l&#8217;exhaustivit\u00e9, l&#8217;exactitude et l&#8217;actualit\u00e9 des informations, y compris celles de nature journalistique et r\u00e9dactionnelle. Nous d\u00e9clinons toute responsabilit\u00e9 en cas de dommages mat\u00e9riels ou immat\u00e9riels caus\u00e9s par l&#8217;utilisation ou la non-utilisation des informations pr\u00e9sent\u00e9es ou par l&#8217;utilisation d&#8217;informations erron\u00e9es ou incompl\u00e8tes.<\/p><p>L&#8217;\u00e9diteur peut modifier ou supprimer des textes \u00e0 sa seule discr\u00e9tion et sans pr\u00e9avis et n&#8217;est pas tenu de mettre \u00e0 jour le contenu de ce site. L&#8217;utilisation de ce site web ou l&#8217;acc\u00e8s \u00e0 celui-ci se fait aux risques et p\u00e9rils du visiteur. L&#8217;\u00e9diteur, ses clients ou partenaires ne sont pas responsables des dommages, tels que les dommages directs, indirects, accidentels ou cons\u00e9cutifs, pr\u00e9tendument caus\u00e9s par la visite de ce site web et n&#8217;assument par cons\u00e9quent aucune responsabilit\u00e9 pour de tels dommages.<\/p><p>De m\u00eame, l&#8217;\u00e9diteur n&#8217;assume aucune responsabilit\u00e9 ou obligation quant au contenu et \u00e0 la disponibilit\u00e9 des sites web de tiers accessibles par des liens externes \u00e0 partir de ce site web. Seuls les exploitants de ces sites sont responsables de leur contenu. L&#8217;\u00e9diteur se distancie donc express\u00e9ment de tous les contenus \u00e9trangers qui pourraient \u00e9ventuellement relever du droit p\u00e9nal ou de la responsabilit\u00e9 civile ou qui pourraient \u00eatre contraires aux bonnes m\u0153urs.<\/p><p><b>1.15. Google Maps <\/b><br \/>Ce site web utilise l&#8217;offre de Google Maps. Cela nous permet d&#8217;afficher des cartes interactives directement sur le site Web et de vous permettre d&#8217;utiliser confortablement la fonction de carte. En visitant le site Web, Google est inform\u00e9 que vous avez consult\u00e9 la sous-page correspondante de notre site Web. Cela se produit ind\u00e9pendamment du fait que Google mette \u00e0 disposition un compte d&#8217;utilisateur avec lequel vous \u00eates connect\u00e9 ou qu&#8217;il n&#8217;y ait pas de compte d&#8217;utilisateur.<\/p><p>Si vous \u00eates connect\u00e9 \u00e0 Google, vos donn\u00e9es seront directement associ\u00e9es \u00e0 votre compte. Si vous ne souhaitez pas que le bouton soit associ\u00e9 \u00e0 votre profil chez Google, vous devez vous d\u00e9connecter avant de l&#8217;activer. Google enregistre vos donn\u00e9es en tant que profils d&#8217;utilisation et les utilise \u00e0 des fins de publicit\u00e9, d&#8217;\u00e9tude de march\u00e9 et\/ou de conception de son site Web en fonction des besoins.<br \/>Une telle \u00e9valuation a lieu en particulier (\u00e9galement pour les utilisateurs non connect\u00e9s) pour fournir une publicit\u00e9 adapt\u00e9e aux besoins et pour informer les autres utilisateurs du r\u00e9seau social de vos activit\u00e9s sur notre site Web.<\/p><p>Vous avez le droit de vous opposer \u00e0 la cr\u00e9ation de ces profils d&#8217;utilisateurs, mais vous devez contacter Google pour exercer ce droit. Pour plus d&#8217;informations sur l&#8217;objectif et l&#8217;\u00e9tendue de la collecte et du traitement des donn\u00e9es par Google, ainsi que pour plus d&#8217;informations sur vos droits \u00e0 cet \u00e9gard et sur les options de configuration pour la protection de votre vie priv\u00e9e, veuillez consulter : www.google.de\/intl\/de\/policies\/privacy.<\/p>\t\t\t\t\t\t\t\t<\/div>\n\t\t\t\t<\/div>\n\t\t\t\t\t<\/div>\n\t\t\t\t<\/div>\n\t\t\t\t<\/div>\n\t\t","protected":false},"excerpt":{"rendered":"<p>D\u00e9claration de confidentialit\u00e9 de Tetrag AG Votre vie priv\u00e9e est importante pour nous. Cette politique de confidentialit\u00e9 vous explique quelles donn\u00e9es nous collectons et comment nous utilisons, divulguons, transf\u00e9rons et stockons vos donn\u00e9es. Tetrag AGBlegistrasse 1CH-6343 RotkreuzSuisseE-mail : hc.gartetobfsctd-95d5ab&#64;ofni Personnes habilit\u00e9es \u00e0 repr\u00e9senter l&#8217;entreprise :Stephan Tomek Nom de l&#8217;entreprise : Tetrag AG 1.1 G\u00e9n\u00e9ralit\u00e9s En [&hellip;]<\/p>\n","protected":false},"author":1,"featured_media":0,"parent":0,"menu_order":0,"comment_status":"closed","ping_status":"closed","template":"elementor_header_footer","meta":{"_acf_changed":false,"inline_featured_image":false,"footnotes":""},"class_list":["post-2470","page","type-page","status-publish","hentry"],"acf":[],"_links":{"self":[{"href":"https:\/\/tetrag.ch\/fr\/wp-json\/wp\/v2\/pages\/2470","targetHints":{"allow":["GET"]}}],"collection":[{"href":"https:\/\/tetrag.ch\/fr\/wp-json\/wp\/v2\/pages"}],"about":[{"href":"https:\/\/tetrag.ch\/fr\/wp-json\/wp\/v2\/types\/page"}],"author":[{"embeddable":true,"href":"https:\/\/tetrag.ch\/fr\/wp-json\/wp\/v2\/users\/1"}],"replies":[{"embeddable":true,"href":"https:\/\/tetrag.ch\/fr\/wp-json\/wp\/v2\/comments?post=2470"}],"version-history":[{"count":20,"href":"https:\/\/tetrag.ch\/fr\/wp-json\/wp\/v2\/pages\/2470\/revisions"}],"predecessor-version":[{"id":4196,"href":"https:\/\/tetrag.ch\/fr\/wp-json\/wp\/v2\/pages\/2470\/revisions\/4196"}],"wp:attachment":[{"href":"https:\/\/tetrag.ch\/fr\/wp-json\/wp\/v2\/media?parent=2470"}],"curies":[{"name":"wp","href":"https:\/\/api.w.org\/{rel}","templated":true}]}}